{"id":5,"date":"2024-04-08T16:05:28","date_gmt":"2024-04-08T14:05:28","guid":{"rendered":"https:\/\/pedirenjumilla.es\/cafeteria-totem\/tienda\/"},"modified":"2025-06-25T22:57:12","modified_gmt":"2025-06-25T20:57:12","slug":"tienda","status":"publish","type":"page","link":"https:\/\/pediren.es\/cafeteria-totem\/","title":{"rendered":"Cafeter\u00eda T\u00f3tem"},"content":{"rendered":"<p>[et_pb_section fb_built=\u00bb1&#8243; admin_label=\u00bbTitulo\u00bb module_id=\u00bbtienda-cafeteria-totem\u00bb _builder_version=\u00bb4.24.3&#8243; background_color=\u00bbRGBA(255,255,255,0)\u00bb custom_margin=\u00bb0px||180px||false|false\u00bb custom_padding=\u00bb0px||||false|false\u00bb global_colors_info=\u00bb{}\u00bb][et_pb_row module_id=\u00bbintro-tienda\u00bb _builder_version=\u00bb4.24.2&#8243; _module_preset=\u00bbdefault\u00bb custom_margin=\u00bb0px||||false|false\u00bb custom_padding=\u00bb0px||||false|false\u00bb global_colors_info=\u00bb{}\u00bb][et_pb_column type=\u00bb4_4&#8243; _builder_version=\u00bb4.24.1&#8243; _module_preset=\u00bbdefault\u00bb global_colors_info=\u00bb{}\u00bb][et_pb_image src=\u00bbhttps:\/\/pediren.es\/cafeteria-totem\/wp-content\/uploads\/sites\/17\/2024\/04\/logo-cafeteria-totem.jpg\u00bb title_text=\u00bblogo-cafeteria-totem\u00bb _builder_version=\u00bb4.24.3&#8243; _module_preset=\u00bbdefault\u00bb custom_margin=\u00bb||0px||false|false\u00bb custom_padding=\u00bb||0px||false|false\u00bb global_colors_info=\u00bb{}\u00bb][\/et_pb_image][et_pb_text _builder_version=\u00bb4.24.3&#8243; _module_preset=\u00bbdefault\u00bb global_colors_info=\u00bb{}\u00bb]<\/p>\n<h1 class=\"titulo-negocio\">Cafeter\u00eda T\u00f3tem<\/h1>\n<p class=\"descripcion-tienda\">\u00a1Te llevamos tus desayunos a casa o al trabajo!<\/p>\n<p class=\"servicios-negocio\"><i class=\"fa fa-motorcycle\" aria-hidden=\"true\"><\/i> Te lo llevamos<br \/><i class=\"fa fa-shopping-bag\" aria-hidden=\"true\"><\/i> Pide para recoger<br \/><i class=\"fa fa-clock-o\" aria-hidden=\"true\"><\/i> Todos los d\u00edas<br \/><i class=\"fa fa-credit-card\" aria-hidden=\"true\"><\/i> Paga con tarjeta, bizum o efectivo.<br \/><i class=\"fa fa-sticky-note-o\" aria-hidden=\"true\"><\/i> Indica cualquier detalle al finalizar el pedido.<br \/><i class=\"fa fa-info-circle\" aria-hidden=\"true\"><\/i> <a href=\"\/cafeteria-totem\/info\/\" rel=\"nofollow\">Info establecimiento<\/a>.<\/p>\n<p>[\/et_pb_text][\/et_pb_column][\/et_pb_row][et_pb_row admin_label=\u00bbTostadas\u00bb module_id=\u00bbcafeteria-totem-tostadas\u00bb _builder_version=\u00bb4.24.3&#8243; _module_preset=\u00bbdefault\u00bb custom_margin=\u00bb0px||||false|false\u00bb custom_padding=\u00bb0px||||false|false\u00bb global_colors_info=\u00bb{}\u00bb][et_pb_column type=\u00bb4_4&#8243; _builder_version=\u00bb4.21.0&#8243; _module_preset=\u00bbdefault\u00bb global_colors_info=\u00bb{}\u00bb][et_pb_text admin_label=\u00bbT\u00edtulo\u00bb _builder_version=\u00bb4.24.3&#8243; _module_preset=\u00bbdefault\u00bb custom_margin=\u00bb||0px||false|false\u00bb sticky_position=\u00bbtop\u00bb sticky_limit_bottom=\u00bbrow\u00bb global_colors_info=\u00bb{}\u00bb]<\/p>\n<p class=\"titulos-carta\">Tostadas<\/p>\n<p>[\/et_pb_text][et_pb_text admin_label=\u00bbTexto\u00bb _builder_version=\u00bb4.25.0&#8243; _module_preset=\u00bbdefault\u00bb global_colors_info=\u00bb{}\u00bb]<\/p>\n<p class=\"texto-secciones-carta\">A\u00f1ade tus ingredientes por solo 0,50\u20ac \ud83e\udd29<\/p>\n<p>[\/et_pb_text][et_pb_shop type=\u00bbproduct_category\u00bb posts_number=\u00bb999&#8243; include_categories=\u00bb41,56,57,58&#8243; columns_number=\u00bb3&#8243; orderby=\u00bbmenu_order\u00bb _builder_version=\u00bb4.25.1&#8243; _module_preset=\u00bbdefault\u00bb hover_enabled=\u00bb0&#8243; global_colors_info=\u00bb{}\u00bb sticky_enabled=\u00bb0&#8243;][\/et_pb_shop][\/et_pb_column][\/et_pb_row][et_pb_row admin_label=\u00bbBoller\u00eda\u00bb module_id=\u00bbcafeteria-totem-bolleria\u00bb _builder_version=\u00bb4.24.3&#8243; _module_preset=\u00bbdefault\u00bb custom_margin=\u00bb0px||||false|false\u00bb custom_padding=\u00bb0px||||false|false\u00bb global_colors_info=\u00bb{}\u00bb][et_pb_column type=\u00bb4_4&#8243; _builder_version=\u00bb4.21.0&#8243; _module_preset=\u00bbdefault\u00bb global_colors_info=\u00bb{}\u00bb][et_pb_text admin_label=\u00bbT\u00edtulo\u00bb _builder_version=\u00bb4.24.3&#8243; _module_preset=\u00bbdefault\u00bb custom_margin=\u00bb||0px||false|false\u00bb sticky_position=\u00bbtop\u00bb sticky_limit_bottom=\u00bbrow\u00bb global_colors_info=\u00bb{}\u00bb]<\/p>\n<p class=\"titulos-carta\">Boller\u00eda<\/p>\n<p>[\/et_pb_text][et_pb_text admin_label=\u00bbTexto\u00bb _builder_version=\u00bb4.24.3&#8243; _module_preset=\u00bbdefault\u00bb global_colors_info=\u00bb{}\u00bb]<\/p>\n<p class=\"texto-secciones-carta\">Endulza tu d\u00eda \ud83d\ude0b<\/p>\n<p>[\/et_pb_text][et_pb_shop type=\u00bbproduct_category\u00bb posts_number=\u00bb999&#8243; include_categories=\u00bb36&#8243; columns_number=\u00bb3&#8243; orderby=\u00bbmenu_order\u00bb _builder_version=\u00bb4.24.3&#8243; _module_preset=\u00bbdefault\u00bb global_colors_info=\u00bb{}\u00bb][\/et_pb_shop][\/et_pb_column][\/et_pb_row][et_pb_row admin_label=\u00bbCaf\u00e9s\u00bb module_id=\u00bbcafeteria-totem-cafes\u00bb _builder_version=\u00bb4.24.3&#8243; _module_preset=\u00bbdefault\u00bb custom_margin=\u00bb0px||||false|false\u00bb custom_padding=\u00bb0px||||false|false\u00bb global_colors_info=\u00bb{}\u00bb][et_pb_column type=\u00bb4_4&#8243; _builder_version=\u00bb4.21.0&#8243; _module_preset=\u00bbdefault\u00bb global_colors_info=\u00bb{}\u00bb][et_pb_text admin_label=\u00bbT\u00edtulo\u00bb _builder_version=\u00bb4.24.3&#8243; _module_preset=\u00bbdefault\u00bb custom_margin=\u00bb||0px||false|false\u00bb sticky_position=\u00bbtop\u00bb sticky_limit_bottom=\u00bbrow\u00bb global_colors_info=\u00bb{}\u00bb]<\/p>\n<p class=\"titulos-carta\">Caf\u00e9s<\/p>\n<p>[\/et_pb_text][et_pb_text admin_label=\u00bbTexto\u00bb _builder_version=\u00bb4.24.3&#8243; _module_preset=\u00bbdefault\u00bb global_colors_info=\u00bb{}\u00bb]<\/p>\n<p class=\"texto-secciones-carta\">El aroma a caf\u00e9 reci\u00e9n molido \u2615\ufe0f<\/p>\n<p>[\/et_pb_text][et_pb_shop type=\u00bbproduct_category\u00bb posts_number=\u00bb999&#8243; include_categories=\u00bb29&#8243; columns_number=\u00bb3&#8243; orderby=\u00bbmenu_order\u00bb _builder_version=\u00bb4.24.3&#8243; _module_preset=\u00bbdefault\u00bb global_colors_info=\u00bb{}\u00bb][\/et_pb_shop][\/et_pb_column][\/et_pb_row][et_pb_row admin_label=\u00bbInfusiones\u00bb module_id=\u00bbcafeteria-totem-infusiones\u00bb _builder_version=\u00bb4.24.3&#8243; _module_preset=\u00bbdefault\u00bb custom_margin=\u00bb0px||||false|false\u00bb custom_padding=\u00bb0px||||false|false\u00bb global_colors_info=\u00bb{}\u00bb][et_pb_column type=\u00bb4_4&#8243; _builder_version=\u00bb4.21.0&#8243; _module_preset=\u00bbdefault\u00bb global_colors_info=\u00bb{}\u00bb][et_pb_text admin_label=\u00bbT\u00edtulo\u00bb _builder_version=\u00bb4.24.3&#8243; _module_preset=\u00bbdefault\u00bb custom_margin=\u00bb||0px||false|false\u00bb sticky_position=\u00bbtop\u00bb sticky_limit_bottom=\u00bbrow\u00bb global_colors_info=\u00bb{}\u00bb]<\/p>\n<p class=\"titulos-carta\">Infusiones<\/p>\n<p>[\/et_pb_text][et_pb_text admin_label=\u00bbTexto\u00bb _builder_version=\u00bb4.24.3&#8243; _module_preset=\u00bbdefault\u00bb global_colors_info=\u00bb{}\u00bb]<\/p>\n<p class=\"texto-secciones-carta\">\u00bfCon cu\u00e1l te quedas? \ud83c\udf43<\/p>\n<p>[\/et_pb_text][et_pb_shop type=\u00bbproduct_category\u00bb posts_number=\u00bb999&#8243; include_categories=\u00bb30&#8243; columns_number=\u00bb3&#8243; orderby=\u00bbmenu_order\u00bb _builder_version=\u00bb4.24.3&#8243; _module_preset=\u00bbdefault\u00bb global_colors_info=\u00bb{}\u00bb][\/et_pb_shop][\/et_pb_column][\/et_pb_row][et_pb_row admin_label=\u00bbZumos\u00bb module_id=\u00bbcafeteria-totem-zumos\u00bb _builder_version=\u00bb4.24.3&#8243; _module_preset=\u00bbdefault\u00bb custom_margin=\u00bb0px||||false|false\u00bb custom_padding=\u00bb0px||||false|false\u00bb global_colors_info=\u00bb{}\u00bb][et_pb_column type=\u00bb4_4&#8243; _builder_version=\u00bb4.21.0&#8243; _module_preset=\u00bbdefault\u00bb global_colors_info=\u00bb{}\u00bb][et_pb_text admin_label=\u00bbT\u00edtulo\u00bb _builder_version=\u00bb4.24.3&#8243; _module_preset=\u00bbdefault\u00bb custom_margin=\u00bb||0px||false|false\u00bb sticky_position=\u00bbtop\u00bb sticky_limit_bottom=\u00bbrow\u00bb global_colors_info=\u00bb{}\u00bb]<\/p>\n<p class=\"titulos-carta\">Zumos<\/p>\n<p>[\/et_pb_text][et_pb_text admin_label=\u00bbTexto\u00bb _builder_version=\u00bb4.24.3&#8243; _module_preset=\u00bbdefault\u00bb global_colors_info=\u00bb{}\u00bb]<\/p>\n<p class=\"texto-secciones-carta\">Refresca tu d\u00eda con nuestros zumos \ud83e\uddc3<\/p>\n<p>[\/et_pb_text][et_pb_shop type=\u00bbproduct_category\u00bb posts_number=\u00bb999&#8243; include_categories=\u00bb40&#8243; columns_number=\u00bb3&#8243; orderby=\u00bbmenu_order\u00bb _builder_version=\u00bb4.24.3&#8243; _module_preset=\u00bbdefault\u00bb global_colors_info=\u00bb{}\u00bb][\/et_pb_shop][\/et_pb_column][\/et_pb_row][et_pb_row admin_label=\u00bbPicoteo\u00bb module_id=\u00bbcafeteria-totem-picoteo\u00bb _builder_version=\u00bb4.24.3&#8243; _module_preset=\u00bbdefault\u00bb custom_margin=\u00bb0px||||false|false\u00bb custom_padding=\u00bb0px||||false|false\u00bb global_colors_info=\u00bb{}\u00bb][et_pb_column type=\u00bb4_4&#8243; _builder_version=\u00bb4.21.0&#8243; _module_preset=\u00bbdefault\u00bb global_colors_info=\u00bb{}\u00bb][et_pb_text admin_label=\u00bbT\u00edtulo\u00bb _builder_version=\u00bb4.24.3&#8243; _module_preset=\u00bbdefault\u00bb custom_margin=\u00bb||0px||false|false\u00bb sticky_position=\u00bbtop\u00bb sticky_limit_bottom=\u00bbrow\u00bb global_colors_info=\u00bb{}\u00bb]<\/p>\n<p class=\"titulos-carta\">Picoteo<\/p>\n<p>[\/et_pb_text][et_pb_text admin_label=\u00bbTexto\u00bb _builder_version=\u00bb4.24.3&#8243; _module_preset=\u00bbdefault\u00bb global_colors_info=\u00bb{}\u00bb]<\/p>\n<p class=\"texto-secciones-carta\">Disfruta de un aperitivo \ud83d\ude0e<\/p>\n<p>[\/et_pb_text][et_pb_shop type=\u00bbproduct_category\u00bb posts_number=\u00bb999&#8243; include_categories=\u00bb37,58&#8243; columns_number=\u00bb3&#8243; orderby=\u00bbmenu_order\u00bb _builder_version=\u00bb4.25.1&#8243; _module_preset=\u00bbdefault\u00bb global_colors_info=\u00bb{}\u00bb][\/et_pb_shop][\/et_pb_column][\/et_pb_row][et_pb_row admin_label=\u00bbCervezas\u00bb module_id=\u00bbcafeteria-totem-cervezas\u00bb _builder_version=\u00bb4.24.3&#8243; _module_preset=\u00bbdefault\u00bb custom_margin=\u00bb0px||||false|false\u00bb custom_padding=\u00bb0px||||false|false\u00bb global_colors_info=\u00bb{}\u00bb][et_pb_column type=\u00bb4_4&#8243; _builder_version=\u00bb4.21.0&#8243; _module_preset=\u00bbdefault\u00bb global_colors_info=\u00bb{}\u00bb][et_pb_text admin_label=\u00bbT\u00edtulo\u00bb _builder_version=\u00bb4.24.3&#8243; _module_preset=\u00bbdefault\u00bb custom_margin=\u00bb||0px||false|false\u00bb sticky_position=\u00bbtop\u00bb sticky_limit_bottom=\u00bbrow\u00bb global_colors_info=\u00bb{}\u00bb]<\/p>\n<p class=\"titulos-carta\">Cervezas<\/p>\n<p>[\/et_pb_text][et_pb_text admin_label=\u00bbTexto\u00bb _builder_version=\u00bb4.24.3&#8243; _module_preset=\u00bbdefault\u00bb global_colors_info=\u00bb{}\u00bb]<\/p>\n<p class=\"texto-secciones-carta\">\u00bfUna cervecita? \ud83d\ude1c<\/p>\n<p>[\/et_pb_text][et_pb_shop type=\u00bbproduct_category\u00bb posts_number=\u00bb999&#8243; include_categories=\u00bb33&#8243; columns_number=\u00bb3&#8243; orderby=\u00bbmenu_order\u00bb _builder_version=\u00bb4.24.3&#8243; _module_preset=\u00bbdefault\u00bb global_colors_info=\u00bb{}\u00bb][\/et_pb_shop][\/et_pb_column][\/et_pb_row][et_pb_row admin_label=\u00bbRefrescos\u00bb module_id=\u00bbcafeteria-totem-refrescos\u00bb _builder_version=\u00bb4.24.3&#8243; _module_preset=\u00bbdefault\u00bb custom_margin=\u00bb0px||||false|false\u00bb custom_padding=\u00bb0px||||false|false\u00bb global_colors_info=\u00bb{}\u00bb][et_pb_column type=\u00bb4_4&#8243; _builder_version=\u00bb4.21.0&#8243; _module_preset=\u00bbdefault\u00bb global_colors_info=\u00bb{}\u00bb][et_pb_text admin_label=\u00bbT\u00edtulo\u00bb _builder_version=\u00bb4.24.3&#8243; _module_preset=\u00bbdefault\u00bb custom_margin=\u00bb||0px||false|false\u00bb sticky_position=\u00bbtop\u00bb sticky_limit_bottom=\u00bbrow\u00bb global_colors_info=\u00bb{}\u00bb]<\/p>\n<p class=\"titulos-carta\">Refrescos<\/p>\n<p>[\/et_pb_text][et_pb_text admin_label=\u00bbTexto\u00bb _builder_version=\u00bb4.24.3&#8243; _module_preset=\u00bbdefault\u00bb global_colors_info=\u00bb{}\u00bb]<\/p>\n<p class=\"texto-secciones-carta\">\u00a1Empieza el d\u00eda con energ\u00eda! \ud83d\ude0e<\/p>\n<p>[\/et_pb_text][et_pb_shop type=\u00bbproduct_category\u00bb posts_number=\u00bb999&#8243; include_categories=\u00bb34&#8243; columns_number=\u00bb3&#8243; orderby=\u00bbmenu_order\u00bb _builder_version=\u00bb4.24.3&#8243; _module_preset=\u00bbdefault\u00bb global_colors_info=\u00bb{}\u00bb][\/et_pb_shop][\/et_pb_column][\/et_pb_row][\/et_pb_section]<\/p>\n","protected":false},"excerpt":{"rendered":"<p>Cafeter\u00eda T\u00f3tem \u00a1Te llevamos tus desayunos a casa o al trabajo! Te lo llevamos Pide para recoger Todos los d\u00edas Paga con tarjeta, bizum o efectivo. Indica cualquier detalle al finalizar el pedido. Info establecimiento.TostadasA\u00f1ade tus ingredientes por solo 0,50\u20ac \ud83e\udd29Boller\u00edaEndulza tu d\u00eda \ud83d\ude0bCaf\u00e9sEl aroma a caf\u00e9 reci\u00e9n molido \u2615\ufe0fInfusiones\u00bfCon cu\u00e1l te quedas? \ud83c\udf43ZumosRefresca tu [&hellip;]<\/p>\n","protected":false},"author":1,"featured_media":0,"parent":0,"menu_order":0,"comment_status":"closed","ping_status":"closed","template":"","meta":{"_et_pb_use_builder":"on","_et_pb_old_content":"","_et_gb_content_width":"","footnotes":""},"class_list":["post-5","page","type-page","status-publish","hentry"],"yoast_head":"<!-- This site is optimized with the Yoast SEO plugin v27.4 - https:\/\/yoast.com\/product\/yoast-seo-wordpress\/ -->\n<title>Cafeter\u00eda T\u00f3tem - \u00a1Tus desayunos a domicilio!<\/title>\n<meta name=\"description\" content=\"Haz tu pedido de Cafeter\u00eda T\u00f3tem y te llevamos el desayuno a casa, al trabajo o ven t\u00fa a recogerlo. \u00a1PedirEnJumilla.es te lo lleva en Jumilla!\" \/>\n<meta name=\"robots\" content=\"index, follow, max-snippet:-1, max-image-preview:large, max-video-preview:-1\" \/>\n<link rel=\"canonical\" href=\"https:\/\/pediren.es\/cafeteria-totem\/\" \/>\n<script type=\"application\/ld+json\" class=\"yoast-schema-graph\">{\"@context\":\"https:\\\/\\\/schema.org\",\"@graph\":[{\"@type\":\"WebPage\",\"@id\":\"https:\\\/\\\/pediren.es\\\/cafeteria-totem\\\/\",\"url\":\"https:\\\/\\\/pediren.es\\\/cafeteria-totem\\\/\",\"name\":\"Cafeter\u00eda T\u00f3tem - \u00a1Tus desayunos a domicilio!\",\"isPartOf\":{\"@id\":\"https:\\\/\\\/pediren.es\\\/cafeteria-totem\\\/#website\"},\"datePublished\":\"2024-04-08T14:05:28+00:00\",\"dateModified\":\"2025-06-25T20:57:12+00:00\",\"description\":\"Haz tu pedido de Cafeter\u00eda T\u00f3tem y te llevamos el desayuno a casa, al trabajo o ven t\u00fa a recogerlo. \u00a1PedirEnJumilla.es te lo lleva en Jumilla!\",\"breadcrumb\":{\"@id\":\"https:\\\/\\\/pediren.es\\\/cafeteria-totem\\\/#breadcrumb\"},\"inLanguage\":\"es\",\"potentialAction\":[{\"@type\":\"ReadAction\",\"target\":[\"https:\\\/\\\/pediren.es\\\/cafeteria-totem\\\/\"]}]},{\"@type\":\"BreadcrumbList\",\"@id\":\"https:\\\/\\\/pediren.es\\\/cafeteria-totem\\\/#breadcrumb\",\"itemListElement\":[{\"@type\":\"ListItem\",\"position\":1,\"name\":\"Portada\",\"item\":\"https:\\\/\\\/pediren.es\\\/cafeteria-totem\\\/\"},{\"@type\":\"ListItem\",\"position\":2,\"name\":\"Cafeter\u00eda T\u00f3tem\"}]},{\"@type\":\"WebSite\",\"@id\":\"https:\\\/\\\/pediren.es\\\/cafeteria-totem\\\/#website\",\"url\":\"https:\\\/\\\/pediren.es\\\/cafeteria-totem\\\/\",\"name\":\"Cafeter\u00eda T\u00f3tem\",\"description\":\"Servicios Diversos Hermanos Gonzalez Mar\u00edn SL (B-70855234). Av. de Levante, 12. Jumilla, Murcia (30520).\",\"potentialAction\":[{\"@type\":\"SearchAction\",\"target\":{\"@type\":\"EntryPoint\",\"urlTemplate\":\"https:\\\/\\\/pediren.es\\\/cafeteria-totem\\\/?s={search_term_string}\"},\"query-input\":{\"@type\":\"PropertyValueSpecification\",\"valueRequired\":true,\"valueName\":\"search_term_string\"}}],\"inLanguage\":\"es\"}]}<\/script>\n<!-- \/ Yoast SEO plugin. -->","yoast_head_json":{"title":"Cafeter\u00eda T\u00f3tem - \u00a1Tus desayunos a domicilio!","description":"Haz tu pedido de Cafeter\u00eda T\u00f3tem y te llevamos el desayuno a casa, al trabajo o ven t\u00fa a recogerlo. \u00a1PedirEnJumilla.es te lo lleva en Jumilla!","robots":{"index":"index","follow":"follow","max-snippet":"max-snippet:-1","max-image-preview":"max-image-preview:large","max-video-preview":"max-video-preview:-1"},"canonical":"https:\/\/pediren.es\/cafeteria-totem\/","schema":{"@context":"https:\/\/schema.org","@graph":[{"@type":"WebPage","@id":"https:\/\/pediren.es\/cafeteria-totem\/","url":"https:\/\/pediren.es\/cafeteria-totem\/","name":"Cafeter\u00eda T\u00f3tem - \u00a1Tus desayunos a domicilio!","isPartOf":{"@id":"https:\/\/pediren.es\/cafeteria-totem\/#website"},"datePublished":"2024-04-08T14:05:28+00:00","dateModified":"2025-06-25T20:57:12+00:00","description":"Haz tu pedido de Cafeter\u00eda T\u00f3tem y te llevamos el desayuno a casa, al trabajo o ven t\u00fa a recogerlo. \u00a1PedirEnJumilla.es te lo lleva en Jumilla!","breadcrumb":{"@id":"https:\/\/pediren.es\/cafeteria-totem\/#breadcrumb"},"inLanguage":"es","potentialAction":[{"@type":"ReadAction","target":["https:\/\/pediren.es\/cafeteria-totem\/"]}]},{"@type":"BreadcrumbList","@id":"https:\/\/pediren.es\/cafeteria-totem\/#breadcrumb","itemListElement":[{"@type":"ListItem","position":1,"name":"Portada","item":"https:\/\/pediren.es\/cafeteria-totem\/"},{"@type":"ListItem","position":2,"name":"Cafeter\u00eda T\u00f3tem"}]},{"@type":"WebSite","@id":"https:\/\/pediren.es\/cafeteria-totem\/#website","url":"https:\/\/pediren.es\/cafeteria-totem\/","name":"Cafeter\u00eda T\u00f3tem","description":"Servicios Diversos Hermanos Gonzalez Mar\u00edn SL (B-70855234). Av. de Levante, 12. Jumilla, Murcia (30520).","potentialAction":[{"@type":"SearchAction","target":{"@type":"EntryPoint","urlTemplate":"https:\/\/pediren.es\/cafeteria-totem\/?s={search_term_string}"},"query-input":{"@type":"PropertyValueSpecification","valueRequired":true,"valueName":"search_term_string"}}],"inLanguage":"es"}]}},"_links":{"self":[{"href":"https:\/\/pediren.es\/cafeteria-totem\/wp-json\/wp\/v2\/pages\/5","targetHints":{"allow":["GET"]}}],"collection":[{"href":"https:\/\/pediren.es\/cafeteria-totem\/wp-json\/wp\/v2\/pages"}],"about":[{"href":"https:\/\/pediren.es\/cafeteria-totem\/wp-json\/wp\/v2\/types\/page"}],"author":[{"embeddable":true,"href":"https:\/\/pediren.es\/cafeteria-totem\/wp-json\/wp\/v2\/users\/1"}],"replies":[{"embeddable":true,"href":"https:\/\/pediren.es\/cafeteria-totem\/wp-json\/wp\/v2\/comments?post=5"}],"version-history":[{"count":1,"href":"https:\/\/pediren.es\/cafeteria-totem\/wp-json\/wp\/v2\/pages\/5\/revisions"}],"predecessor-version":[{"id":662,"href":"https:\/\/pediren.es\/cafeteria-totem\/wp-json\/wp\/v2\/pages\/5\/revisions\/662"}],"wp:attachment":[{"href":"https:\/\/pediren.es\/cafeteria-totem\/wp-json\/wp\/v2\/media?parent=5"}],"curies":[{"name":"wp","href":"https:\/\/api.w.org\/{rel}","templated":true}]}}