{"id":383,"date":"2024-07-09T18:38:37","date_gmt":"2024-07-09T16:38:37","guid":{"rendered":"https:\/\/pedirenjumilla.es\/bar-central\/?page_id=383"},"modified":"2024-07-13T20:19:17","modified_gmt":"2024-07-13T18:19:17","slug":"carta-desayunos","status":"publish","type":"page","link":"https:\/\/pediren.es\/bar-central\/carta-desayunos\/","title":{"rendered":"Carta Desayunos"},"content":{"rendered":"<p>[et_pb_section fb_built=\u00bb1&#8243; admin_label=\u00bbTitulo\u00bb module_id=\u00bbtienda-bar-central-desayunos\u00bb _builder_version=\u00bb4.26.0&#8243; background_color=\u00bbRGBA(255,255,255,0)\u00bb custom_margin=\u00bb0px||180px||false|false\u00bb custom_padding=\u00bb0px||||false|false\u00bb global_colors_info=\u00bb{}\u00bb][et_pb_row module_id=\u00bbintro-tienda\u00bb _builder_version=\u00bb4.24.2&#8243; _module_preset=\u00bbdefault\u00bb custom_margin=\u00bb0px||||false|false\u00bb custom_padding=\u00bb0px||||false|false\u00bb global_colors_info=\u00bb{}\u00bb][et_pb_column type=\u00bb4_4&#8243; _builder_version=\u00bb4.24.1&#8243; _module_preset=\u00bbdefault\u00bb global_colors_info=\u00bb{}\u00bb][et_pb_image src=\u00bbhttps:\/\/pediren.es\/bar-central\/wp-content\/uploads\/sites\/46\/2024\/06\/logo-bar-central.jpg\u00bb title_text=\u00bblogo-bar-central\u00bb _builder_version=\u00bb4.25.1&#8243; _module_preset=\u00bbdefault\u00bb custom_margin=\u00bb||0px||false|false\u00bb custom_padding=\u00bb||0px||false|false\u00bb global_colors_info=\u00bb{}\u00bb][\/et_pb_image][et_pb_text _builder_version=\u00bb4.26.0&#8243; _module_preset=\u00bbdefault\u00bb global_colors_info=\u00bb{}\u00bb]<\/p>\n<h1 class=\"titulo-negocio\">Bar Central &#8211; Carta desayunos<\/h1>\n<p class=\"descripcion-tienda\">\u00a1Tus desayunos en Roque Ba\u00f1os ahora tambi\u00e9n en casa!<\/p>\n<p class=\"servicios-negocio\"><i class=\"fa fa-motorcycle\" aria-hidden=\"true\"><\/i> Te lo llevamos<br \/><i class=\"fa fa-shopping-bag\" aria-hidden=\"true\"><\/i> Pide para recoger<br \/><i class=\"fa fa-clock-o\" aria-hidden=\"true\"><\/i> Lunes a s\u00e1bado<br \/><i class=\"fa fa-credit-card\" aria-hidden=\"true\"><\/i> Paga con tarjeta, bizum o efectivo.<br \/><i class=\"fa fa-sticky-note-o\" aria-hidden=\"true\"><\/i> Indica cualquier detalle al finalizar el pedido.<br \/><i class=\"fa fa-info-circle\" aria-hidden=\"true\"><\/i> <a href=\"\/bar-central\/info\/\" rel=\"nofollow\">Info establecimiento<\/a>.<\/p>\n<p>[\/et_pb_text][\/et_pb_column][\/et_pb_row][et_pb_row admin_label=\u00bbTostadas\u00bb module_id=\u00bbbar-central-desayunos-tostadas\u00bb _builder_version=\u00bb4.26.0&#8243; _module_preset=\u00bbdefault\u00bb custom_margin=\u00bb0px||||false|false\u00bb custom_padding=\u00bb0px||||false|false\u00bb global_colors_info=\u00bb{}\u00bb][et_pb_column type=\u00bb4_4&#8243; _builder_version=\u00bb4.21.0&#8243; _module_preset=\u00bbdefault\u00bb global_colors_info=\u00bb{}\u00bb][et_pb_text admin_label=\u00bbT\u00edtulo\u00bb _builder_version=\u00bb4.26.0&#8243; _module_preset=\u00bbdefault\u00bb custom_margin=\u00bb||0px||false|false\u00bb sticky_position=\u00bbtop\u00bb sticky_limit_bottom=\u00bbrow\u00bb global_colors_info=\u00bb{}\u00bb]<\/p>\n<p class=\"titulos-carta\">Tostadas<\/p>\n<p>[\/et_pb_text][et_pb_text admin_label=\u00bbTexto\u00bb _builder_version=\u00bb4.25.1&#8243; _module_preset=\u00bbdefault\u00bb global_colors_info=\u00bb{}\u00bb]<\/p>\n<p class=\"texto-secciones-carta\">\u00a1Nuestros top ventas! \ud83e\udd29<\/p>\n<p>[\/et_pb_text][et_pb_shop type=\u00bbproduct_category\u00bb posts_number=\u00bb999&#8243; include_categories=\u00bb47,48&#8243; columns_number=\u00bb3&#8243; orderby=\u00bbmenu_order\u00bb _builder_version=\u00bb4.26.0&#8243; _module_preset=\u00bbdefault\u00bb hover_enabled=\u00bb0&#8243; global_colors_info=\u00bb{}\u00bb sticky_enabled=\u00bb0&#8243;][\/et_pb_shop][\/et_pb_column][\/et_pb_row][et_pb_row admin_label=\u00bbCaf\u00e9s\u00bb module_id=\u00bbbar-central-desayunos-cafes\u00bb _builder_version=\u00bb4.26.0&#8243; _module_preset=\u00bbdefault\u00bb custom_margin=\u00bb0px||||false|false\u00bb custom_padding=\u00bb0px||||false|false\u00bb global_colors_info=\u00bb{}\u00bb][et_pb_column type=\u00bb4_4&#8243; _builder_version=\u00bb4.21.0&#8243; _module_preset=\u00bbdefault\u00bb global_colors_info=\u00bb{}\u00bb][et_pb_text admin_label=\u00bbT\u00edtulo\u00bb _builder_version=\u00bb4.25.1&#8243; _module_preset=\u00bbdefault\u00bb custom_margin=\u00bb||0px||false|false\u00bb sticky_position=\u00bbtop\u00bb sticky_limit_bottom=\u00bbrow\u00bb global_colors_info=\u00bb{}\u00bb]<\/p>\n<p class=\"titulos-carta\">Caf\u00e9s e infusiones<\/p>\n<p>[\/et_pb_text][et_pb_text admin_label=\u00bbTexto\u00bb _builder_version=\u00bb4.25.1&#8243; _module_preset=\u00bbdefault\u00bb global_colors_info=\u00bb{}\u00bb]<\/p>\n<p class=\"texto-secciones-carta\">Para terminar \u2615<\/p>\n<p>[\/et_pb_text][et_pb_shop type=\u00bbproduct_category\u00bb posts_number=\u00bb999&#8243; include_categories=\u00bb17,43&#8243; columns_number=\u00bb3&#8243; orderby=\u00bbmenu_order\u00bb _builder_version=\u00bb4.25.1&#8243; _module_preset=\u00bbdefault\u00bb global_colors_info=\u00bb{}\u00bb][\/et_pb_shop][\/et_pb_column][\/et_pb_row][et_pb_row admin_label=\u00bbBocatas\u00bb module_id=\u00bbbar-central-desayunos-bocatas\u00bb _builder_version=\u00bb4.26.0&#8243; _module_preset=\u00bbdefault\u00bb custom_margin=\u00bb0px||||false|false\u00bb custom_padding=\u00bb0px||||false|false\u00bb global_colors_info=\u00bb{}\u00bb][et_pb_column type=\u00bb4_4&#8243; _builder_version=\u00bb4.21.0&#8243; _module_preset=\u00bbdefault\u00bb global_colors_info=\u00bb{}\u00bb][et_pb_text admin_label=\u00bbT\u00edtulo\u00bb _builder_version=\u00bb4.25.1&#8243; _module_preset=\u00bbdefault\u00bb custom_margin=\u00bb||0px||false|false\u00bb sticky_position=\u00bbtop\u00bb sticky_limit_bottom=\u00bbrow\u00bb global_colors_info=\u00bb{}\u00bb]<\/p>\n<p class=\"titulos-carta\">Bocatas<\/p>\n<p>[\/et_pb_text][et_pb_text admin_label=\u00bbTexto\u00bb _builder_version=\u00bb4.25.1&#8243; _module_preset=\u00bbdefault\u00bb global_colors_info=\u00bb{}\u00bb]<\/p>\n<p class=\"texto-secciones-carta\">\u00a1Los de toda la vida! \ud83e\udd56<\/p>\n<p>[\/et_pb_text][et_pb_shop type=\u00bbproduct_category\u00bb posts_number=\u00bb999&#8243; include_categories=\u00bb35,36,41&#8243; columns_number=\u00bb3&#8243; orderby=\u00bbmenu_order\u00bb _builder_version=\u00bb4.25.1&#8243; _module_preset=\u00bbdefault\u00bb global_colors_info=\u00bb{}\u00bb][\/et_pb_shop][\/et_pb_column][\/et_pb_row][et_pb_row admin_label=\u00bbBebidas\u00bb module_id=\u00bbbar-central-desayunos-bebidas\u00bb _builder_version=\u00bb4.26.0&#8243; _module_preset=\u00bbdefault\u00bb custom_margin=\u00bb0px||||false|false\u00bb custom_padding=\u00bb0px||||false|false\u00bb global_colors_info=\u00bb{}\u00bb][et_pb_column type=\u00bb4_4&#8243; _builder_version=\u00bb4.21.0&#8243; _module_preset=\u00bbdefault\u00bb global_colors_info=\u00bb{}\u00bb][et_pb_text admin_label=\u00bbT\u00edtulo\u00bb _builder_version=\u00bb4.25.1&#8243; _module_preset=\u00bbdefault\u00bb custom_margin=\u00bb||0px||false|false\u00bb sticky_position=\u00bbtop\u00bb sticky_limit_bottom=\u00bbrow\u00bb global_colors_info=\u00bb{}\u00bb]<\/p>\n<p class=\"titulos-carta\">Bebidas<\/p>\n<p>[\/et_pb_text][et_pb_text admin_label=\u00bbTexto\u00bb _builder_version=\u00bb4.25.1&#8243; _module_preset=\u00bbdefault\u00bb global_colors_info=\u00bb{}\u00bb]<\/p>\n<p class=\"texto-secciones-carta\">P\u00eddete tu refresco&#8230; \u00a1Una cerveza! \ud83c\udf7b<\/p>\n<p>[\/et_pb_text][et_pb_shop type=\u00bbproduct_category\u00bb posts_number=\u00bb999&#8243; include_categories=\u00bb16&#8243; columns_number=\u00bb3&#8243; orderby=\u00bbmenu_order\u00bb _builder_version=\u00bb4.25.1&#8243; _module_preset=\u00bbdefault\u00bb global_colors_info=\u00bb{}\u00bb][\/et_pb_shop][\/et_pb_column][\/et_pb_row][et_pb_row admin_label=\u00bbS\u00e1ndwiches\u00bb module_id=\u00bbbar-central-desayunos-sandwiches\u00bb _builder_version=\u00bb4.26.0&#8243; _module_preset=\u00bbdefault\u00bb custom_margin=\u00bb0px||||false|false\u00bb custom_padding=\u00bb0px||||false|false\u00bb global_colors_info=\u00bb{}\u00bb][et_pb_column type=\u00bb4_4&#8243; _builder_version=\u00bb4.21.0&#8243; _module_preset=\u00bbdefault\u00bb global_colors_info=\u00bb{}\u00bb][et_pb_text admin_label=\u00bbT\u00edtulo\u00bb _builder_version=\u00bb4.25.1&#8243; _module_preset=\u00bbdefault\u00bb custom_margin=\u00bb||0px||false|false\u00bb sticky_position=\u00bbtop\u00bb sticky_limit_bottom=\u00bbrow\u00bb global_colors_info=\u00bb{}\u00bb]<\/p>\n<p class=\"titulos-carta\">S\u00e1ndwiches<\/p>\n<p>[\/et_pb_text][et_pb_text admin_label=\u00bbTexto\u00bb _builder_version=\u00bb4.25.1&#8243; _module_preset=\u00bbdefault\u00bb global_colors_info=\u00bb{}\u00bb]<\/p>\n<p class=\"texto-secciones-carta\">\u00bfEs que est\u00e1s a dieta? \ud83d\ude1c<\/p>\n<p>[\/et_pb_text][et_pb_shop type=\u00bbproduct_category\u00bb posts_number=\u00bb999&#8243; include_categories=\u00bb31&#8243; columns_number=\u00bb3&#8243; orderby=\u00bbmenu_order\u00bb _builder_version=\u00bb4.25.1&#8243; _module_preset=\u00bbdefault\u00bb global_colors_info=\u00bb{}\u00bb][\/et_pb_shop][\/et_pb_column][\/et_pb_row][et_pb_row admin_label=\u00bbHamburguesas\u00bb module_id=\u00bbbar-central-desayunos-hamburguesas\u00bb _builder_version=\u00bb4.26.0&#8243; _module_preset=\u00bbdefault\u00bb custom_margin=\u00bb0px||||false|false\u00bb custom_padding=\u00bb0px||||false|false\u00bb global_colors_info=\u00bb{}\u00bb][et_pb_column type=\u00bb4_4&#8243; _builder_version=\u00bb4.21.0&#8243; _module_preset=\u00bbdefault\u00bb global_colors_info=\u00bb{}\u00bb][et_pb_text admin_label=\u00bbT\u00edtulo\u00bb _builder_version=\u00bb4.25.1&#8243; _module_preset=\u00bbdefault\u00bb custom_margin=\u00bb||0px||false|false\u00bb sticky_position=\u00bbtop\u00bb sticky_limit_bottom=\u00bbrow\u00bb global_colors_info=\u00bb{}\u00bb]<\/p>\n<p class=\"titulos-carta\">Hamburguesas<\/p>\n<p>[\/et_pb_text][et_pb_text admin_label=\u00bbTexto\u00bb _builder_version=\u00bb4.25.1&#8243; _module_preset=\u00bbdefault\u00bb global_colors_info=\u00bb{}\u00bb]<\/p>\n<p class=\"texto-secciones-carta\">\u00a1La de buey es una aut\u00e9ntica locura! \ud83c\udf54<\/p>\n<p>[\/et_pb_text][et_pb_shop type=\u00bbproduct_category\u00bb posts_number=\u00bb999&#8243; include_categories=\u00bb32&#8243; columns_number=\u00bb3&#8243; orderby=\u00bbmenu_order\u00bb _builder_version=\u00bb4.25.1&#8243; _module_preset=\u00bbdefault\u00bb global_colors_info=\u00bb{}\u00bb][\/et_pb_shop][\/et_pb_column][\/et_pb_row][et_pb_row admin_label=\u00bbEnsaladillas\u00bb module_id=\u00bbbar-central-desayunos-ensaladillas\u00bb _builder_version=\u00bb4.26.0&#8243; _module_preset=\u00bbdefault\u00bb custom_margin=\u00bb0px||||false|false\u00bb custom_padding=\u00bb0px||||false|false\u00bb global_colors_info=\u00bb{}\u00bb][et_pb_column type=\u00bb4_4&#8243; _builder_version=\u00bb4.21.0&#8243; _module_preset=\u00bbdefault\u00bb global_colors_info=\u00bb{}\u00bb][et_pb_text admin_label=\u00bbT\u00edtulo\u00bb _builder_version=\u00bb4.25.1&#8243; _module_preset=\u00bbdefault\u00bb custom_margin=\u00bb||0px||false|false\u00bb sticky_position=\u00bbtop\u00bb sticky_limit_bottom=\u00bbrow\u00bb global_colors_info=\u00bb{}\u00bb]<\/p>\n<p class=\"titulos-carta\">Ensaladillas<\/p>\n<p>[\/et_pb_text][et_pb_text admin_label=\u00bbTexto\u00bb _builder_version=\u00bb4.25.1&#8243; _module_preset=\u00bbdefault\u00bb global_colors_info=\u00bb{}\u00bb]<\/p>\n<p class=\"texto-secciones-carta\">\u00bfCu\u00e1l es tu preferida? \ud83d\ude01<\/p>\n<p>[\/et_pb_text][et_pb_shop type=\u00bbproduct_category\u00bb posts_number=\u00bb999&#8243; include_categories=\u00bb21&#8243; columns_number=\u00bb3&#8243; orderby=\u00bbmenu_order\u00bb _builder_version=\u00bb4.25.1&#8243; _module_preset=\u00bbdefault\u00bb global_colors_info=\u00bb{}\u00bb][\/et_pb_shop][\/et_pb_column][\/et_pb_row][et_pb_row admin_label=\u00bbTapas fr\u00edas\u00bb module_id=\u00bbbar-central-desayunos-tapas-frias\u00bb _builder_version=\u00bb4.26.0&#8243; _module_preset=\u00bbdefault\u00bb custom_margin=\u00bb0px||||false|false\u00bb custom_padding=\u00bb0px||||false|false\u00bb global_colors_info=\u00bb{}\u00bb][et_pb_column type=\u00bb4_4&#8243; _builder_version=\u00bb4.21.0&#8243; _module_preset=\u00bbdefault\u00bb global_colors_info=\u00bb{}\u00bb][et_pb_text admin_label=\u00bbT\u00edtulo\u00bb _builder_version=\u00bb4.25.1&#8243; _module_preset=\u00bbdefault\u00bb custom_margin=\u00bb||0px||false|false\u00bb sticky_position=\u00bbtop\u00bb sticky_limit_bottom=\u00bbrow\u00bb global_colors_info=\u00bb{}\u00bb]<\/p>\n<p class=\"titulos-carta\">Tapas fr\u00edas<\/p>\n<p>[\/et_pb_text][et_pb_text admin_label=\u00bbTexto\u00bb _builder_version=\u00bb4.25.1&#8243; _module_preset=\u00bbdefault\u00bb global_colors_info=\u00bb{}\u00bb]<\/p>\n<p class=\"texto-secciones-carta\">\u00a1Tapea para que el mundo te vea! \ud83d\ude0e<\/p>\n<p>[\/et_pb_text][et_pb_shop type=\u00bbproduct_category\u00bb posts_number=\u00bb999&#8243; include_categories=\u00bb18,20&#8243; columns_number=\u00bb3&#8243; orderby=\u00bbmenu_order\u00bb _builder_version=\u00bb4.25.1&#8243; _module_preset=\u00bbdefault\u00bb global_colors_info=\u00bb{}\u00bb][\/et_pb_shop][\/et_pb_column][\/et_pb_row][et_pb_row admin_label=\u00bbTablas\u00bb module_id=\u00bbbar-central-desayunos-tablas\u00bb _builder_version=\u00bb4.26.0&#8243; _module_preset=\u00bbdefault\u00bb custom_margin=\u00bb0px||||false|false\u00bb custom_padding=\u00bb0px||||false|false\u00bb global_colors_info=\u00bb{}\u00bb][et_pb_column type=\u00bb4_4&#8243; _builder_version=\u00bb4.21.0&#8243; _module_preset=\u00bbdefault\u00bb global_colors_info=\u00bb{}\u00bb][et_pb_text admin_label=\u00bbT\u00edtulo\u00bb _builder_version=\u00bb4.25.1&#8243; _module_preset=\u00bbdefault\u00bb custom_margin=\u00bb||0px||false|false\u00bb sticky_position=\u00bbtop\u00bb sticky_limit_bottom=\u00bbrow\u00bb global_colors_info=\u00bb{}\u00bb]<\/p>\n<p class=\"titulos-carta\">Tablas<\/p>\n<p>[\/et_pb_text][et_pb_text admin_label=\u00bbTexto\u00bb _builder_version=\u00bb4.25.1&#8243; _module_preset=\u00bbdefault\u00bb global_colors_info=\u00bb{}\u00bb]<\/p>\n<p class=\"texto-secciones-carta\">\u00bfUna tablita con un vino? \ud83d\ude0f<\/p>\n<p>[\/et_pb_text][et_pb_shop type=\u00bbproduct_category\u00bb posts_number=\u00bb999&#8243; include_categories=\u00bb19,44&#8243; columns_number=\u00bb3&#8243; orderby=\u00bbmenu_order\u00bb _builder_version=\u00bb4.25.1&#8243; _module_preset=\u00bbdefault\u00bb global_colors_info=\u00bb{}\u00bb][\/et_pb_shop][\/et_pb_column][\/et_pb_row][et_pb_row admin_label=\u00bbVinos\u00bb module_id=\u00bbbar-central-desayunos-vinos\u00bb _builder_version=\u00bb4.26.0&#8243; _module_preset=\u00bbdefault\u00bb custom_margin=\u00bb0px||||false|false\u00bb custom_padding=\u00bb0px||||false|false\u00bb global_colors_info=\u00bb{}\u00bb][et_pb_column type=\u00bb4_4&#8243; _builder_version=\u00bb4.21.0&#8243; _module_preset=\u00bbdefault\u00bb global_colors_info=\u00bb{}\u00bb][et_pb_text admin_label=\u00bbT\u00edtulo\u00bb _builder_version=\u00bb4.25.1&#8243; _module_preset=\u00bbdefault\u00bb custom_margin=\u00bb||0px||false|false\u00bb sticky_position=\u00bbtop\u00bb sticky_limit_bottom=\u00bbrow\u00bb global_colors_info=\u00bb{}\u00bb]<\/p>\n<p class=\"titulos-carta\">Vinos<\/p>\n<p>[\/et_pb_text][et_pb_text admin_label=\u00bbTexto\u00bb _builder_version=\u00bb4.25.1&#8243; _module_preset=\u00bbdefault\u00bb global_colors_info=\u00bb{}\u00bb]<\/p>\n<p class=\"texto-secciones-carta\">Con vino de Jumilla sienta mejor \ud83c\udf77<\/p>\n<p>[\/et_pb_text][et_pb_shop type=\u00bbproduct_category\u00bb posts_number=\u00bb999&#8243; include_categories=\u00bb38&#8243; columns_number=\u00bb3&#8243; orderby=\u00bbmenu_order\u00bb _builder_version=\u00bb4.25.1&#8243; _module_preset=\u00bbdefault\u00bb global_colors_info=\u00bb{}\u00bb][\/et_pb_shop][\/et_pb_column][\/et_pb_row][\/et_pb_section]<\/p>\n","protected":false},"excerpt":{"rendered":"<p>Bar Central &#8211; Carta desayunos \u00a1Tus desayunos en Roque Ba\u00f1os ahora tambi\u00e9n en casa! Te lo llevamos Pide para recoger Lunes a s\u00e1bado Paga con tarjeta, bizum o efectivo. Indica cualquier detalle al finalizar el pedido. Info establecimiento.Tostadas\u00a1Nuestros top ventas! \ud83e\udd29Caf\u00e9s e infusionesPara terminar \u2615Bocatas\u00a1Los de toda la vida! \ud83e\udd56BebidasP\u00eddete tu refresco&#8230; \u00a1Una cerveza! \ud83c\udf7bS\u00e1ndwiches\u00bfEs [&hellip;]<\/p>\n","protected":false},"author":1,"featured_media":0,"parent":0,"menu_order":0,"comment_status":"closed","ping_status":"closed","template":"","meta":{"_et_pb_use_builder":"on","_et_pb_old_content":"","_et_gb_content_width":"","footnotes":""},"class_list":["post-383","page","type-page","status-publish","hentry"],"yoast_head":"<!-- This site is optimized with the Yoast SEO plugin v27.4 - https:\/\/yoast.com\/product\/yoast-seo-wordpress\/ -->\n<title>Carta Desayunos - Bar Central<\/title>\n<meta name=\"robots\" content=\"noindex, nofollow\" \/>\n<script type=\"application\/ld+json\" class=\"yoast-schema-graph\">{\"@context\":\"https:\\\/\\\/schema.org\",\"@graph\":[{\"@type\":\"WebPage\",\"@id\":\"https:\\\/\\\/pediren.es\\\/bar-central\\\/carta-desayunos\\\/\",\"url\":\"https:\\\/\\\/pediren.es\\\/bar-central\\\/carta-desayunos\\\/\",\"name\":\"Carta Desayunos - Bar Central\",\"isPartOf\":{\"@id\":\"https:\\\/\\\/pediren.es\\\/bar-central\\\/#website\"},\"datePublished\":\"2024-07-09T16:38:37+00:00\",\"dateModified\":\"2024-07-13T18:19:17+00:00\",\"breadcrumb\":{\"@id\":\"https:\\\/\\\/pediren.es\\\/bar-central\\\/carta-desayunos\\\/#breadcrumb\"},\"inLanguage\":\"es\",\"potentialAction\":[{\"@type\":\"ReadAction\",\"target\":[\"https:\\\/\\\/pediren.es\\\/bar-central\\\/carta-desayunos\\\/\"]}]},{\"@type\":\"BreadcrumbList\",\"@id\":\"https:\\\/\\\/pediren.es\\\/bar-central\\\/carta-desayunos\\\/#breadcrumb\",\"itemListElement\":[{\"@type\":\"ListItem\",\"position\":1,\"name\":\"Portada\",\"item\":\"https:\\\/\\\/pediren.es\\\/bar-central\\\/\"},{\"@type\":\"ListItem\",\"position\":2,\"name\":\"Carta Desayunos\"}]},{\"@type\":\"WebSite\",\"@id\":\"https:\\\/\\\/pediren.es\\\/bar-central\\\/#website\",\"url\":\"https:\\\/\\\/pediren.es\\\/bar-central\\\/\",\"name\":\"Bar Central\",\"description\":\"\u00a1D\u00e9jate sorprender con nuestras tapas, entrantes y platos calientes!\",\"publisher\":{\"@id\":\"https:\\\/\\\/pediren.es\\\/bar-central\\\/#organization\"},\"potentialAction\":[{\"@type\":\"SearchAction\",\"target\":{\"@type\":\"EntryPoint\",\"urlTemplate\":\"https:\\\/\\\/pediren.es\\\/bar-central\\\/?s={search_term_string}\"},\"query-input\":{\"@type\":\"PropertyValueSpecification\",\"valueRequired\":true,\"valueName\":\"search_term_string\"}}],\"inLanguage\":\"es\"},{\"@type\":\"Organization\",\"@id\":\"https:\\\/\\\/pediren.es\\\/bar-central\\\/#organization\",\"name\":\"PedirEnJumilla.es\",\"alternateName\":\"Pedir En Jumilla\",\"url\":\"https:\\\/\\\/pediren.es\\\/bar-central\\\/\",\"logo\":{\"@type\":\"ImageObject\",\"inLanguage\":\"es\",\"@id\":\"https:\\\/\\\/pediren.es\\\/bar-central\\\/#\\\/schema\\\/logo\\\/image\\\/\",\"url\":\"https:\\\/\\\/pediren.es\\\/wp-content\\\/uploads\\\/2024\\\/02\\\/pedir-en-jumilla-es-logo.svg\",\"contentUrl\":\"https:\\\/\\\/pediren.es\\\/wp-content\\\/uploads\\\/2024\\\/02\\\/pedir-en-jumilla-es-logo.svg\",\"width\":500,\"height\":173,\"caption\":\"PedirEnJumilla.es\"},\"image\":{\"@id\":\"https:\\\/\\\/pediren.es\\\/bar-central\\\/#\\\/schema\\\/logo\\\/image\\\/\"},\"sameAs\":[\"https:\\\/\\\/www.facebook.com\\\/pediren.es\",\"https:\\\/\\\/www.instagram.com\\\/pediren.es\\\/\"]}]}<\/script>\n<!-- \/ Yoast SEO plugin. -->","yoast_head_json":{"title":"Carta Desayunos - Bar Central","robots":{"index":"noindex","follow":"nofollow"},"schema":{"@context":"https:\/\/schema.org","@graph":[{"@type":"WebPage","@id":"https:\/\/pediren.es\/bar-central\/carta-desayunos\/","url":"https:\/\/pediren.es\/bar-central\/carta-desayunos\/","name":"Carta Desayunos - Bar Central","isPartOf":{"@id":"https:\/\/pediren.es\/bar-central\/#website"},"datePublished":"2024-07-09T16:38:37+00:00","dateModified":"2024-07-13T18:19:17+00:00","breadcrumb":{"@id":"https:\/\/pediren.es\/bar-central\/carta-desayunos\/#breadcrumb"},"inLanguage":"es","potentialAction":[{"@type":"ReadAction","target":["https:\/\/pediren.es\/bar-central\/carta-desayunos\/"]}]},{"@type":"BreadcrumbList","@id":"https:\/\/pediren.es\/bar-central\/carta-desayunos\/#breadcrumb","itemListElement":[{"@type":"ListItem","position":1,"name":"Portada","item":"https:\/\/pediren.es\/bar-central\/"},{"@type":"ListItem","position":2,"name":"Carta Desayunos"}]},{"@type":"WebSite","@id":"https:\/\/pediren.es\/bar-central\/#website","url":"https:\/\/pediren.es\/bar-central\/","name":"Bar Central","description":"\u00a1D\u00e9jate sorprender con nuestras tapas, entrantes y platos calientes!","publisher":{"@id":"https:\/\/pediren.es\/bar-central\/#organization"},"potentialAction":[{"@type":"SearchAction","target":{"@type":"EntryPoint","urlTemplate":"https:\/\/pediren.es\/bar-central\/?s={search_term_string}"},"query-input":{"@type":"PropertyValueSpecification","valueRequired":true,"valueName":"search_term_string"}}],"inLanguage":"es"},{"@type":"Organization","@id":"https:\/\/pediren.es\/bar-central\/#organization","name":"PedirEnJumilla.es","alternateName":"Pedir En Jumilla","url":"https:\/\/pediren.es\/bar-central\/","logo":{"@type":"ImageObject","inLanguage":"es","@id":"https:\/\/pediren.es\/bar-central\/#\/schema\/logo\/image\/","url":"https:\/\/pediren.es\/wp-content\/uploads\/2024\/02\/pedir-en-jumilla-es-logo.svg","contentUrl":"https:\/\/pediren.es\/wp-content\/uploads\/2024\/02\/pedir-en-jumilla-es-logo.svg","width":500,"height":173,"caption":"PedirEnJumilla.es"},"image":{"@id":"https:\/\/pediren.es\/bar-central\/#\/schema\/logo\/image\/"},"sameAs":["https:\/\/www.facebook.com\/pediren.es","https:\/\/www.instagram.com\/pediren.es\/"]}]}},"_links":{"self":[{"href":"https:\/\/pediren.es\/bar-central\/wp-json\/wp\/v2\/pages\/383","targetHints":{"allow":["GET"]}}],"collection":[{"href":"https:\/\/pediren.es\/bar-central\/wp-json\/wp\/v2\/pages"}],"about":[{"href":"https:\/\/pediren.es\/bar-central\/wp-json\/wp\/v2\/types\/page"}],"author":[{"embeddable":true,"href":"https:\/\/pediren.es\/bar-central\/wp-json\/wp\/v2\/users\/1"}],"replies":[{"embeddable":true,"href":"https:\/\/pediren.es\/bar-central\/wp-json\/wp\/v2\/comments?post=383"}],"version-history":[{"count":0,"href":"https:\/\/pediren.es\/bar-central\/wp-json\/wp\/v2\/pages\/383\/revisions"}],"wp:attachment":[{"href":"https:\/\/pediren.es\/bar-central\/wp-json\/wp\/v2\/media?parent=383"}],"curies":[{"name":"wp","href":"https:\/\/api.w.org\/{rel}","templated":true}]}}